{"id":30531,"date":"2020-09-24T14:26:24","date_gmt":"2020-09-24T12:26:24","guid":{"rendered":"https:\/\/www.as-moden.de\/?page_id=30531"},"modified":"2025-03-19T09:01:18","modified_gmt":"2025-03-19T08:01:18","slug":"unsere-philosophie","status":"publish","type":"page","link":"https:\/\/www.as-moden.de\/en\/unsere-philosophie\/","title":{"rendered":"Our Philosophy"},"content":{"rendered":"<div data-vc-full-width=\"true\" data-vc-full-width-init=\"false\" class=\"vc_row wpb_row vc_row-fluid vc_row-o-equal-height vc_row-o-content-middle vc_row-flex wpex-vc-row-stretched\"><div class=\"wpb_column vc_column_container vc_col-sm-12\"><div class=\"vc_column-inner\"><div class=\"wpb_wrapper\"><div class=\"vcex-spacing wpex-w-100 wpex-clear\" style=\"height:60px;\"><\/div><h1 class=\"vcex-heading vcex-heading-plain vcex-module wpex-text-2xl wpex-font-normal wpex-m-auto wpex-max-w-100 wpex-block wpex-text-center\"><span class=\"vcex-heading-inner wpex-inline-block\">OUR PHILOSOPHY<\/span><\/h1><div class=\"vcex-spacing wpex-w-100 wpex-clear\" style=\"height:40px;\"><\/div><div class=\"vc_separator wpb_content_element vc_separator_align_center vc_sep_width_80 vc_sep_border_width_2 vc_sep_pos_align_center vc_separator_no_text\" ><span class=\"vc_sep_holder vc_sep_holder_l\"><span  style=\"border-color:#e6007e;\" class=\"vc_sep_line\"><\/span><\/span><span class=\"vc_sep_holder vc_sep_holder_r\"><span  style=\"border-color:#e6007e;\" class=\"vc_sep_line\"><\/span><\/span>\n<\/div><div class=\"vcex-spacing wpex-w-100 wpex-clear\" style=\"height:60px;\"><\/div><h3 class=\"vcex-heading vcex-heading-plain vcex-module wpex-text-2xl wpex-font-normal wpex-m-auto wpex-max-w-100 wpex-block wpex-text-center\"><span class=\"vcex-heading-inner wpex-inline-block\">Efficient functional wear and fire-fighting protective clothing<\/span><\/h3><div class=\"vcex-spacing wpex-w-100 wpex-clear\"><\/div><\/div><\/div><\/div><div class=\"wpb_column vc_column_container vc_col-sm-8\"><div class=\"vc_column-inner\"><div class=\"wpb_wrapper\">\n\t<div style=\"text-align:left;\" class=\"wpb_text_column wpb_content_element\" >\n\t\t<div class=\"wpb_wrapper\">\n\t\t\t<p>Our functional wear increases the feeling of well-being. Especially during physical activities like running, at your job or in your free time. It is antibacterial, transfers excess humidity and offers UV protection.<\/p>\n<p>The goal of our firefighting clothing is to observe product safety. It is really durable and convinces by its wearing comfort. Of course our articles comply with the firespecific requirements (flame self-consciousness according to DIN EN 13911, heat permeability and wearing comfort).<\/p>\n\n\t\t<\/div>\n\t<\/div>\n<\/div><\/div><\/div><div class=\"wpb_column vc_column_container vc_col-sm-4\"><div class=\"vc_column-inner\"><div class=\"wpb_wrapper\"><div class=\"vcex-spacing wpex-w-100 wpex-clear visible-phone\"><\/div><figure class=\"vcex-image vcex-module textcenter\"><div class=\"vcex-image-inner wpex-relative wpex-inline-block\"><img width=\"300\" height=\"300\" src=\"https:\/\/www.as-moden.de\/wp-content\/uploads\/2020\/09\/feuerwehrschutzbekleidung.png\" class=\"vcex-image-img wpex-align-middle\" alt=\"\" loading=\"lazy\" decoding=\"async\" srcset=\"https:\/\/www.as-moden.de\/wp-content\/uploads\/2020\/09\/feuerwehrschutzbekleidung.png 300w, https:\/\/www.as-moden.de\/wp-content\/uploads\/2020\/09\/feuerwehrschutzbekleidung-150x150.png 150w\" sizes=\"auto, (max-width: 300px) 100vw, 300px\" \/><\/div><\/figure><\/div><\/div><\/div><div class=\"wpb_column vc_column_container vc_col-sm-12\"><div class=\"vc_column-inner\"><div class=\"wpb_wrapper\"><div class=\"vcex-spacing wpex-w-100 wpex-clear\" style=\"height:60px;\"><\/div><\/div><\/div><\/div><\/div><div class=\"vc_row-full-width vc_clearfix\"><\/div><div data-vc-full-width=\"true\" data-vc-full-width-init=\"false\" class=\"vc_row wpb_row vc_row-fluid vc_custom_1600963345618 vc_row-o-equal-height vc_row-o-content-middle vc_row-flex wpex-vc_row-has-fill wpex-vc-row-stretched\"><div class=\"wpb_column vc_column_container vc_col-sm-12\"><div class=\"vc_column-inner\"><div class=\"wpb_wrapper\"><div class=\"vcex-spacing wpex-w-100 wpex-clear\" style=\"height:60px;\"><\/div><h3 class=\"vcex-heading vcex-heading-plain vcex-module wpex-text-2xl wpex-font-normal wpex-m-auto wpex-max-w-100 wpex-block wpex-text-center\"><span class=\"vcex-heading-inner wpex-inline-block\">Our materials<\/span><\/h3><div class=\"vcex-spacing wpex-w-100 wpex-clear\"><\/div><\/div><\/div><\/div><div class=\"wpb_column vc_column_container vc_col-sm-8\"><div class=\"vc_column-inner\"><div class=\"wpb_wrapper\">\n\t<div style=\"text-align:left;\" class=\"wpb_text_column wpb_content_element\" >\n\t\t<div class=\"wpb_wrapper\">\n\t\t\t<p>We let knit and equip our materials product-related on the Swabian Alb. The cut is also produced there or in our sewings in Bosnia and Croatia. Here again we\u2019re paying attention on environment-friendly behavior and fair working conditions. We\u2019re selecting our suppliers very carefully.<\/p>\n\n\t\t<\/div>\n\t<\/div>\n<\/div><\/div><\/div><div class=\"wpb_column vc_column_container vc_col-sm-4\"><div class=\"vc_column-inner\"><div class=\"wpb_wrapper\"><div class=\"vcex-spacing wpex-w-100 wpex-clear visible-phone\"><\/div><figure class=\"vcex-image vcex-module textcenter\"><div class=\"vcex-image-inner wpex-relative wpex-inline-block\"><img width=\"300\" height=\"300\" src=\"https:\/\/www.as-moden.de\/wp-content\/uploads\/2020\/09\/stoffe.png\" class=\"vcex-image-img wpex-align-middle\" alt=\"\" loading=\"lazy\" decoding=\"async\" srcset=\"https:\/\/www.as-moden.de\/wp-content\/uploads\/2020\/09\/stoffe.png 300w, https:\/\/www.as-moden.de\/wp-content\/uploads\/2020\/09\/stoffe-150x150.png 150w\" sizes=\"auto, (max-width: 300px) 100vw, 300px\" \/><\/div><\/figure><\/div><\/div><\/div><div class=\"wpb_column vc_column_container vc_col-sm-12\"><div class=\"vc_column-inner\"><div class=\"wpb_wrapper\"><div class=\"vcex-spacing wpex-w-100 wpex-clear\" style=\"height:60px;\"><\/div><\/div><\/div><\/div><\/div><div class=\"vc_row-full-width vc_clearfix\"><\/div><div data-vc-full-width=\"true\" data-vc-full-width-init=\"false\" class=\"vc_row wpb_row vc_row-fluid vc_row-o-equal-height vc_row-o-content-middle vc_row-flex wpex-vc-row-stretched\"><div class=\"wpb_column vc_column_container vc_col-sm-12\"><div class=\"vc_column-inner\"><div class=\"wpb_wrapper\"><div class=\"vcex-spacing wpex-w-100 wpex-clear\" style=\"height:60px;\"><\/div><h3 class=\"vcex-heading vcex-heading-plain vcex-module wpex-text-2xl wpex-font-normal wpex-m-auto wpex-max-w-100 wpex-block wpex-text-center\"><span class=\"vcex-heading-inner wpex-inline-block\">Organic Cotton<\/span><\/h3><div class=\"vcex-spacing wpex-w-100 wpex-clear\"><\/div><\/div><\/div><\/div><div class=\"wpb_column vc_column_container vc_col-sm-8\"><div class=\"vc_column-inner\"><div class=\"wpb_wrapper\">\n\t<div style=\"text-align:left;\" class=\"wpb_text_column wpb_content_element\" >\n\t\t<div class=\"wpb_wrapper\">\n\t\t\t<p>Half of our products are produced with finest Organic-Cotton, which is produced in an elaborate way. For the benefit of your skin, Organic-Cotton goes without pesticides and herbicides. The Cotton is harvested exclusively by hand and also in the further processing we renounce any hazardous chemicals. Adherence to these standards you\u2019re getting a natural product of the highest quality.<\/p>\n\n\t\t<\/div>\n\t<\/div>\n<\/div><\/div><\/div><div class=\"wpb_column vc_column_container vc_col-sm-4\"><div class=\"vc_column-inner\"><div class=\"wpb_wrapper\"><div class=\"vcex-spacing wpex-w-100 wpex-clear visible-phone\"><\/div><figure class=\"vcex-image vcex-module textcenter\"><div class=\"vcex-image-inner wpex-relative wpex-inline-block\"><img width=\"300\" height=\"300\" src=\"https:\/\/www.as-moden.de\/wp-content\/uploads\/2020\/09\/baumwolle.png\" class=\"vcex-image-img wpex-align-middle\" alt=\"\" loading=\"lazy\" decoding=\"async\" srcset=\"https:\/\/www.as-moden.de\/wp-content\/uploads\/2020\/09\/baumwolle.png 300w, https:\/\/www.as-moden.de\/wp-content\/uploads\/2020\/09\/baumwolle-150x150.png 150w\" sizes=\"auto, (max-width: 300px) 100vw, 300px\" \/><\/div><\/figure><\/div><\/div><\/div><div class=\"wpb_column vc_column_container vc_col-sm-12\"><div class=\"vc_column-inner\"><div class=\"wpb_wrapper\"><div class=\"vcex-spacing wpex-w-100 wpex-clear\" style=\"height:60px;\"><\/div><\/div><\/div><\/div><\/div><div class=\"vc_row-full-width vc_clearfix\"><\/div><div data-vc-full-width=\"true\" data-vc-full-width-init=\"false\" class=\"vc_row wpb_row vc_row-fluid vc_custom_1600963332946 vc_row-o-equal-height vc_row-o-content-middle vc_row-flex wpex-vc_row-has-fill wpex-vc-row-stretched\" data-ls_id=\"#gots\" tabindex=\"-1\"><div class=\"wpb_column vc_column_container vc_col-sm-12\"><div class=\"vc_column-inner\"><div class=\"wpb_wrapper\"><div class=\"vcex-spacing wpex-w-100 wpex-clear\" style=\"height:60px;\"><\/div><h3 class=\"vcex-heading vcex-heading-plain vcex-module wpex-text-2xl wpex-font-normal wpex-m-auto wpex-max-w-100 wpex-block wpex-text-center\"><span class=\"vcex-heading-inner wpex-inline-block\">GOTS Certificate<\/span><\/h3><div class=\"vcex-spacing wpex-w-100 wpex-clear\"><\/div><\/div><\/div><\/div><div class=\"wpb_column vc_column_container vc_col-sm-8\"><div class=\"vc_column-inner\"><div class=\"wpb_wrapper\">\n\t<div style=\"text-align:left;\" class=\"wpb_text_column wpb_content_element\" >\n\t\t<div class=\"wpb_wrapper\">\n\t\t\t<p>Our company is GOTS certified. The GOTS certificate guaranties health harmless, eco-friendly and socially compatible fashion. During the entire production cycle toxic chemicals are banned from the production process. Only colorings and resources are chosen which are certified as being ecological and toxicological harmless. Furthermore, all production facilities have to fulfil social standards.<br \/>\nNicht alle unserer angebotenen Produkte in unserem Sortiment sind GOTS zertifiziert.<\/p>\n<p>Zertifiziert durch IDFL-017595<\/p>\n\n\t\t<\/div>\n\t<\/div>\n<\/div><\/div><\/div><div class=\"wpb_column vc_column_container vc_col-sm-4\"><div class=\"vc_column-inner\"><div class=\"wpb_wrapper\"><div class=\"vcex-spacing wpex-w-100 wpex-clear visible-phone\"><\/div><figure class=\"vcex-image vcex-module textcenter\"><div class=\"vcex-image-inner wpex-relative wpex-inline-block\"><img width=\"136\" height=\"139\" src=\"https:\/\/www.as-moden.de\/wp-content\/uploads\/2025\/03\/GOTS.png\" class=\"vcex-image-img wpex-align-middle\" alt=\"\" loading=\"lazy\" decoding=\"async\" srcset=\"https:\/\/www.as-moden.de\/wp-content\/uploads\/2025\/03\/GOTS.png 136w, https:\/\/www.as-moden.de\/wp-content\/uploads\/2025\/03\/GOTS-12x12.png 12w\" sizes=\"auto, (max-width: 136px) 100vw, 136px\" \/><\/div><\/figure><\/div><\/div><\/div><div class=\"wpb_column vc_column_container vc_col-sm-12\"><div class=\"vc_column-inner\"><div class=\"wpb_wrapper\"><div class=\"vcex-spacing wpex-w-100 wpex-clear\" style=\"height:60px;\"><\/div><\/div><\/div><\/div><\/div><div class=\"vc_row-full-width vc_clearfix\"><\/div><div data-vc-full-width=\"true\" data-vc-full-width-init=\"false\" class=\"vc_row wpb_row vc_row-fluid vc_row-o-equal-height vc_row-o-content-middle vc_row-flex wpex-vc-row-stretched\"><div class=\"wpb_column vc_column_container vc_col-sm-12\"><div class=\"vc_column-inner\"><div class=\"wpb_wrapper\"><div class=\"vcex-spacing wpex-w-100 wpex-clear\" style=\"height:60px;\"><\/div><h3 class=\"vcex-heading vcex-heading-plain vcex-module wpex-text-2xl wpex-font-normal wpex-m-auto wpex-max-w-100 wpex-block wpex-text-center\"><span class=\"vcex-heading-inner wpex-inline-block\">Sustainability<\/span><\/h3><div class=\"vcex-spacing wpex-w-100 wpex-clear\"><\/div><\/div><\/div><\/div><div class=\"wpb_column vc_column_container vc_col-sm-8\"><div class=\"vc_column-inner\"><div class=\"wpb_wrapper\">\n\t<div style=\"text-align:left;\" class=\"wpb_text_column wpb_content_element\" >\n\t\t<div class=\"wpb_wrapper\">\n\t\t\t<p>Especially with our natural fashion we want to make a sustainable contribution to environmental and economic development, in the entire production of all our products and at all stages of production we are looking for an economical use of resources. By an in-house photovoltaic system our headquarter is provided with power and heated by a heat pump, which causes no emissions. Through sustainable actions the social and ecologically system can be preserved, strengthened, and therefore make it to a livable place for many generations.<\/p>\n\n\t\t<\/div>\n\t<\/div>\n<\/div><\/div><\/div><div class=\"wpb_column vc_column_container vc_col-sm-4\"><div class=\"vc_column-inner\"><div class=\"wpb_wrapper\"><div class=\"vcex-spacing wpex-w-100 wpex-clear visible-phone\"><\/div><figure class=\"vcex-image vcex-module textcenter\"><div class=\"vcex-image-inner wpex-relative wpex-inline-block\"><img width=\"300\" height=\"300\" src=\"https:\/\/www.as-moden.de\/wp-content\/uploads\/2020\/09\/nachhaltigkeit.png\" class=\"vcex-image-img wpex-align-middle\" alt=\"\" loading=\"lazy\" decoding=\"async\" srcset=\"https:\/\/www.as-moden.de\/wp-content\/uploads\/2020\/09\/nachhaltigkeit.png 300w, https:\/\/www.as-moden.de\/wp-content\/uploads\/2020\/09\/nachhaltigkeit-150x150.png 150w\" sizes=\"auto, (max-width: 300px) 100vw, 300px\" \/><\/div><\/figure><\/div><\/div><\/div><div class=\"wpb_column vc_column_container vc_col-sm-12\"><div class=\"vc_column-inner\"><div class=\"wpb_wrapper\"><div class=\"vcex-spacing wpex-w-100 wpex-clear\" style=\"height:60px;\"><\/div><\/div><\/div><\/div><\/div><div class=\"vc_row-full-width vc_clearfix\"><\/div>","protected":false},"excerpt":{"rendered":"UNSERE PHILOSOPHIE Leistungsf\u00e4hige Funktionsware und Feuerwehrschutzbekleidung Unsere leistungsf\u00e4hige Funktionsware steigert das Wohlbefinden besonders bei k\u00f6rperlichen Aktivit\u00e4ten, egal ob im Job, beim Sport oder in Ihrer Freizeit. Sie ist antibakteriell, leitet \u00fcbersch\u00fcssige Feuchtigkeit nach au\u00dfen ab und bieten einen UV-Schutz. Bei unserer Feuerwehrdienstbekleidung achten wir auf die strenge \u00dcberpr\u00fcfung der Produktsicherheit, sie ist besonders Strapazierf\u00e4hig und&hellip;","protected":false},"author":5,"featured_media":0,"parent":0,"menu_order":0,"comment_status":"closed","ping_status":"closed","template":"","meta":{"footnotes":""},"class_list":["post-30531","page","type-page","status-publish","hentry","entry","no-media"],"yoast_head":"<!-- This site is optimized with the Yoast SEO plugin v20.8 - https:\/\/yoast.com\/wordpress\/plugins\/seo\/ -->\n<title>Unsere Philosophie - AS Moden<\/title>\n<meta name=\"robots\" content=\"index, follow, max-snippet:-1, max-image-preview:large, max-video-preview:-1\" \/>\n<link rel=\"canonical\" href=\"https:\/\/www.as-moden.de\/en\/unsere-philosophie\/\" \/>\n<meta property=\"og:locale\" content=\"en_GB\" \/>\n<meta property=\"og:type\" content=\"article\" \/>\n<meta property=\"og:title\" content=\"Unsere Philosophie - AS Moden\" \/>\n<meta property=\"og:url\" content=\"https:\/\/www.as-moden.de\/en\/unsere-philosophie\/\" \/>\n<meta property=\"og:site_name\" content=\"AS Moden\" \/>\n<meta property=\"article:modified_time\" content=\"2025-03-19T08:01:18+00:00\" \/>\n<meta name=\"twitter:card\" content=\"summary_large_image\" \/>\n<meta name=\"twitter:label1\" content=\"Estimated reading time\" \/>\n\t<meta name=\"twitter:data1\" content=\"3 minutes\" \/>\n<script type=\"application\/ld+json\" class=\"yoast-schema-graph\">{\"@context\":\"https:\/\/schema.org\",\"@graph\":[{\"@type\":\"WebPage\",\"@id\":\"https:\/\/www.as-moden.de\/unsere-philosophie\/\",\"url\":\"https:\/\/www.as-moden.de\/unsere-philosophie\/\",\"name\":\"Unsere Philosophie - AS Moden\",\"isPartOf\":{\"@id\":\"https:\/\/www.as-moden.de\/#website\"},\"datePublished\":\"2020-09-24T12:26:24+00:00\",\"dateModified\":\"2025-03-19T08:01:18+00:00\",\"breadcrumb\":{\"@id\":\"https:\/\/www.as-moden.de\/unsere-philosophie\/#breadcrumb\"},\"inLanguage\":\"en-GB\",\"potentialAction\":[{\"@type\":\"ReadAction\",\"target\":[\"https:\/\/www.as-moden.de\/unsere-philosophie\/\"]}]},{\"@type\":\"BreadcrumbList\",\"@id\":\"https:\/\/www.as-moden.de\/unsere-philosophie\/#breadcrumb\",\"itemListElement\":[{\"@type\":\"ListItem\",\"position\":1,\"name\":\"Startseite\",\"item\":\"https:\/\/www.as-moden.de\/\"},{\"@type\":\"ListItem\",\"position\":2,\"name\":\"Unsere Philosophie\"}]},{\"@type\":\"WebSite\",\"@id\":\"https:\/\/www.as-moden.de\/#website\",\"url\":\"https:\/\/www.as-moden.de\/\",\"name\":\"AS Moden\",\"description\":\"Herzlich Willkommen\",\"publisher\":{\"@id\":\"https:\/\/www.as-moden.de\/#organization\"},\"potentialAction\":[{\"@type\":\"SearchAction\",\"target\":{\"@type\":\"EntryPoint\",\"urlTemplate\":\"https:\/\/www.as-moden.de\/?s={search_term_string}\"},\"query-input\":\"required name=search_term_string\"}],\"inLanguage\":\"en-GB\"},{\"@type\":\"Organization\",\"@id\":\"https:\/\/www.as-moden.de\/#organization\",\"name\":\"AS Moden\",\"url\":\"https:\/\/www.as-moden.de\/\",\"logo\":{\"@type\":\"ImageObject\",\"inLanguage\":\"en-GB\",\"@id\":\"https:\/\/www.as-moden.de\/#\/schema\/logo\/image\/\",\"url\":\"https:\/\/www.as-moden.de\/wp-content\/uploads\/2020\/09\/AS_Logo.png\",\"contentUrl\":\"https:\/\/www.as-moden.de\/wp-content\/uploads\/2020\/09\/AS_Logo.png\",\"width\":245,\"height\":139,\"caption\":\"AS Moden\"},\"image\":{\"@id\":\"https:\/\/www.as-moden.de\/#\/schema\/logo\/image\/\"}}]}<\/script>\n<!-- \/ Yoast SEO plugin. -->","yoast_head_json":{"title":"Unsere Philosophie - AS Moden","robots":{"index":"index","follow":"follow","max-snippet":"max-snippet:-1","max-image-preview":"max-image-preview:large","max-video-preview":"max-video-preview:-1"},"canonical":"https:\/\/www.as-moden.de\/en\/unsere-philosophie\/","og_locale":"en_GB","og_type":"article","og_title":"Unsere Philosophie - AS Moden","og_url":"https:\/\/www.as-moden.de\/en\/unsere-philosophie\/","og_site_name":"AS Moden","article_modified_time":"2025-03-19T08:01:18+00:00","twitter_card":"summary_large_image","twitter_misc":{"Estimated reading time":"3 minutes"},"schema":{"@context":"https:\/\/schema.org","@graph":[{"@type":"WebPage","@id":"https:\/\/www.as-moden.de\/unsere-philosophie\/","url":"https:\/\/www.as-moden.de\/unsere-philosophie\/","name":"Unsere Philosophie - AS Moden","isPartOf":{"@id":"https:\/\/www.as-moden.de\/#website"},"datePublished":"2020-09-24T12:26:24+00:00","dateModified":"2025-03-19T08:01:18+00:00","breadcrumb":{"@id":"https:\/\/www.as-moden.de\/unsere-philosophie\/#breadcrumb"},"inLanguage":"en-GB","potentialAction":[{"@type":"ReadAction","target":["https:\/\/www.as-moden.de\/unsere-philosophie\/"]}]},{"@type":"BreadcrumbList","@id":"https:\/\/www.as-moden.de\/unsere-philosophie\/#breadcrumb","itemListElement":[{"@type":"ListItem","position":1,"name":"Startseite","item":"https:\/\/www.as-moden.de\/"},{"@type":"ListItem","position":2,"name":"Unsere Philosophie"}]},{"@type":"WebSite","@id":"https:\/\/www.as-moden.de\/#website","url":"https:\/\/www.as-moden.de\/","name":"AS Moden","description":"Herzlich Willkommen","publisher":{"@id":"https:\/\/www.as-moden.de\/#organization"},"potentialAction":[{"@type":"SearchAction","target":{"@type":"EntryPoint","urlTemplate":"https:\/\/www.as-moden.de\/?s={search_term_string}"},"query-input":"required name=search_term_string"}],"inLanguage":"en-GB"},{"@type":"Organization","@id":"https:\/\/www.as-moden.de\/#organization","name":"AS Moden","url":"https:\/\/www.as-moden.de\/","logo":{"@type":"ImageObject","inLanguage":"en-GB","@id":"https:\/\/www.as-moden.de\/#\/schema\/logo\/image\/","url":"https:\/\/www.as-moden.de\/wp-content\/uploads\/2020\/09\/AS_Logo.png","contentUrl":"https:\/\/www.as-moden.de\/wp-content\/uploads\/2020\/09\/AS_Logo.png","width":245,"height":139,"caption":"AS Moden"},"image":{"@id":"https:\/\/www.as-moden.de\/#\/schema\/logo\/image\/"}}]}},"_links":{"self":[{"href":"https:\/\/www.as-moden.de\/en\/wp-json\/wp\/v2\/pages\/30531","targetHints":{"allow":["GET"]}}],"collection":[{"href":"https:\/\/www.as-moden.de\/en\/wp-json\/wp\/v2\/pages"}],"about":[{"href":"https:\/\/www.as-moden.de\/en\/wp-json\/wp\/v2\/types\/page"}],"author":[{"embeddable":true,"href":"https:\/\/www.as-moden.de\/en\/wp-json\/wp\/v2\/users\/5"}],"replies":[{"embeddable":true,"href":"https:\/\/www.as-moden.de\/en\/wp-json\/wp\/v2\/comments?post=30531"}],"version-history":[{"count":10,"href":"https:\/\/www.as-moden.de\/en\/wp-json\/wp\/v2\/pages\/30531\/revisions"}],"predecessor-version":[{"id":32301,"href":"https:\/\/www.as-moden.de\/en\/wp-json\/wp\/v2\/pages\/30531\/revisions\/32301"}],"wp:attachment":[{"href":"https:\/\/www.as-moden.de\/en\/wp-json\/wp\/v2\/media?parent=30531"}],"curies":[{"name":"wp","href":"https:\/\/api.w.org\/{rel}","templated":true}]}}